{"id":78,"date":"2015-09-09T14:05:07","date_gmt":"2015-09-09T14:05:07","guid":{"rendered":"http:\/\/new.buerger-fuer-eching.de\/?page_id=78"},"modified":"2026-03-28T18:27:08","modified_gmt":"2026-03-28T17:27:08","slug":"echinger-forum","status":"publish","type":"page","link":"https:\/\/new.buerger-fuer-eching.de\/?page_id=78","title":{"rendered":"Echinger Forum"},"content":{"rendered":"<p>Seit 2011 ist BfE monatlich mit einem Betrag im Echinger Forum vertreten. Hier finden Sie die Beitr\u00e4ge aus dem aktuellen Jahr. <em><br \/>\n<\/em><\/p>\n<h3>Echinger Forum 2026<\/h3>\n<p><a href=\"https:\/\/new.buerger-fuer-eching.de\/wp-content\/uploads\/2026\/02\/202601_EchingerForum_Januar.pdf\">01 Unsere Antr\u00e4ge der letzten 6 Jahre im Gemeinderat<\/a><\/p>\n<p>02 Beitrag folgt<\/p>\n<p>03\u00a0<a href=\"https:\/\/new.buerger-fuer-eching.de\/wp-content\/uploads\/2026\/03\/202603_EchingerForum_Maerz_26-pdf-212x300.jpg\">BfE, Echinger Mitte und \u00d6DP werden zu TERA<\/a><\/p>\n<h3>Echinger Forum 2025<\/h3>\n<p><a href=\"https:\/\/new.buerger-fuer-eching.de\/wp-content\/uploads\/2025\/12\/2025-12_Buergerbefragung-zu-PV-Anlagen-abgelehnt.pdf\">12 B\u00fcrgerbefragung zu PV-Anlagen abgelehnt<\/a><\/p>\n<p><a href=\"https:\/\/new.buerger-fuer-eching.de\/wp-content\/uploads\/2025\/12\/2025-11_Antraege-zu-Buergerbefragung-und-Packstationen-in-Eching.pdf\">11 Antr\u00e4gen zu B\u00fcrgerbefragung zu PV-Anlagen und Packstationen in Eching<\/a><\/p>\n<p><a href=\"https:\/\/new.buerger-fuer-eching.de\/wp-content\/uploads\/2025\/12\/2025-10_Aufstellung-zur-Kommunalwahl_2026.pdf\">10 Aufstellung zur Kommunalwahl 2026<\/a><\/p>\n<p>09 Kein Beitrag<\/p>\n<p><a href=\"https:\/\/new.buerger-fuer-eching.de\/wp-content\/uploads\/2025\/12\/2025-08-Stellplatzordung-und-Bauvorhaben-in-Eching.pdf\">08 Stellplatzverordnung und Bauvorhabe in Eching<\/a><\/p>\n<p><a href=\"https:\/\/new.buerger-fuer-eching.de\/wp-content\/uploads\/2025\/12\/202507-Kurzvorstellung-2.-Vorstand_Mathias-Taranczewski.pdf\">07 Kurzvorstellung zweiter Vorstand<\/a><\/p>\n<p><a href=\"https:\/\/new.buerger-fuer-eching.de\/wp-content\/uploads\/2025\/07\/202506_Kurzvorstellung-1.-Vorstand_Manfred-Wutz.pdf\">06 Kurzvorstellung erster Vorstand<\/a><\/p>\n<p><a href=\"https:\/\/new.buerger-fuer-eching.de\/wp-content\/uploads\/2025\/06\/202505_Pressemitteilung-zur-Jahreshauptversammlung-der-BfE.pdf\">05 Neuer Vorstand der BfE<\/a><\/p>\n<p><a href=\"https:\/\/new.buerger-fuer-eching.de\/wp-content\/uploads\/2025\/06\/202504_Verlegung-der-Notunterkunft-in-Eching.pdf\">04 Verlegung der Notunterkunft in Eching<\/a><\/p>\n<p>03 kein Betrag<\/p>\n<p>02 kein Beitrag<\/p>\n<p>01 Kein Beitrag<\/p>\n<h3>Echinger Forum 2024<\/h3>\n<p><a href=\"https:\/\/new.buerger-fuer-eching.de\/wp-content\/uploads\/2025\/01\/2024-12_Phototvoltaik-am-Hollerner-See.pdf\">12 Photovoltaik am Hollerner See?<\/a><\/p>\n<p><a href=\"https:\/\/new.buerger-fuer-eching.de\/wp-content\/uploads\/2025\/01\/2024-11_Fraktionsgemeinschaft-Buerger-fuer-Eching-Echinger-Mitte-oedp-erreicht.pdf\">11 Was hat die Fraktionsgemeinschaft B\u00fcrger f\u00fcr Eching\/Echinger Mitte\/\u00f6dp bis jetzt erreicht<\/a><\/p>\n<p>10 Kein Beitrag<\/p>\n<p>09 Kein Beitrag &#8211; Sommerferien<\/p>\n<p>08 Kein Beitrag &#8211; Sommerferien<\/p>\n<p><a href=\"https:\/\/new.buerger-fuer-eching.de\/wp-content\/uploads\/2024\/08\/2024_07_Neues-Strassenverkehrsgesetz-und-geaenderte-Strassenverkehrsordnung.pdf\">07 Neues Stra\u00dfenverkehrsgesetz und ge\u00e4nderte Stra\u00dfenverkehrsordnung<\/a><\/p>\n<p>06 &#8211; Kein Beitrag &#8211; Pfingstferien<\/p>\n<p>05 &#8211; Kein Beitrag<\/p>\n<p><a href=\"https:\/\/new.buerger-fuer-eching.de\/wp-content\/uploads\/2024\/07\/2024-04_Europawwahl-2024-und-Ortsdurchfahrt-Eching.pdf\">04 Europawahl undOrtsdurchfahrt Eching<\/a><\/p>\n<p><a href=\"https:\/\/new.buerger-fuer-eching.de\/wp-content\/uploads\/2024\/04\/2024-03_Stellungnahme-zu-Causa-Sebastian-Thaler.pdf\">03 Stellungnahme zu Causa Sebastian Thaler<\/a><\/p>\n<p><a href=\"https:\/\/new.buerger-fuer-eching.de\/wp-content\/uploads\/2024\/03\/202402_Causa-Sebastian-Thaler.pdf\">02 Gedanken zur Causa Sebastian Thaler<\/a><\/p>\n<p><strong>01 Kein Beitrag<\/strong><\/p>\n<h5><\/h5>\n<h3><strong>Echinger Forum 2023<\/strong><\/h3>\n<p><a href=\"https:\/\/new.buerger-fuer-eching.de\/wp-content\/uploads\/2024\/03\/202312_Gedanken_zum_Jahreswechsel.pdf\">12 Gedanken zum Jahreswechsel<\/a><\/p>\n<p><a href=\"https:\/\/new.buerger-fuer-eching.de\/wp-content\/uploads\/2023\/11\/20231109_Flaechenversiegelung-und-Klimawandel.pdf\">11 Fl\u00e4chenversiegelung und Klimawandel<\/a><\/p>\n<p>10 kein Beitrag<\/p>\n<p><a href=\"https:\/\/new.buerger-fuer-eching.de\/wp-content\/uploads\/2023\/11\/202309-Laermbelastung.pdf\">09 L\u00e4rmbelastung<\/a><\/p>\n<p>08 Kein Beitrag<\/p>\n<p><a href=\"https:\/\/new.buerger-fuer-eching.de\/wp-content\/uploads\/2023\/07\/202307_EchingerForum-Absage-Hollerner-Seefest.pdf\">07 Absage Hollerner Seefest<\/a><\/p>\n<p><a href=\"https:\/\/new.buerger-fuer-eching.de\/wp-content\/uploads\/2023\/07\/202306_EchingerForumMH.docx\">06 Elektrifizierung von Gartenpflegeger\u00e4ten<\/a><\/p>\n<p>05\u00a0 Kein Beitrag<\/p>\n<p><a href=\"https:\/\/new.buerger-fuer-eching.de\/wp-content\/uploads\/2023\/06\/202304_EchingerForum-Halbzeit-Resumee.docx\">04- Gemeinderatsperiode &#8211; Res\u00fcme<\/a><\/p>\n<p><a href=\"https:\/\/new.buerger-fuer-eching.de\/wp-content\/uploads\/2023\/11\/202302_Diverses-aus-der-Gemeinde.pdf\">03\u00a0 Diverses aus der Gemeinde<\/a><\/p>\n","protected":false},"excerpt":{"rendered":"<p>Seit 2011 ist BfE monatlich mit einem Betrag im Echinger Forum vertreten. Hier finden Sie die Beitr\u00e4ge aus dem aktuellen Jahr. Echinger Forum 2026 01 Unsere Antr\u00e4ge der letzten 6 Jahre im Gemeinderat 02 Beitrag folgt 03\u00a0BfE, Echinger Mitte und \u00d6DP werden zu TERA Echinger Forum 2025 12 B\u00fcrgerbefragung zu PV-Anlagen abgelehnt 11 Antr\u00e4gen zu &hellip; <\/p>\n<p><a class=\"more-link btn\" href=\"https:\/\/new.buerger-fuer-eching.de\/?page_id=78\">Weiterlesen<\/a><\/p>\n","protected":false},"author":2,"featured_media":0,"parent":34,"menu_order":0,"comment_status":"open","ping_status":"open","template":"","meta":{"footnotes":""},"class_list":["post-78","page","type-page","status-publish","hentry","nodate","item-wrap"],"_links":{"self":[{"href":"https:\/\/new.buerger-fuer-eching.de\/index.php?rest_route=\/wp\/v2\/pages\/78","targetHints":{"allow":["GET"]}}],"collection":[{"href":"https:\/\/new.buerger-fuer-eching.de\/index.php?rest_route=\/wp\/v2\/pages"}],"about":[{"href":"https:\/\/new.buerger-fuer-eching.de\/index.php?rest_route=\/wp\/v2\/types\/page"}],"author":[{"embeddable":true,"href":"https:\/\/new.buerger-fuer-eching.de\/index.php?rest_route=\/wp\/v2\/users\/2"}],"replies":[{"embeddable":true,"href":"https:\/\/new.buerger-fuer-eching.de\/index.php?rest_route=%2Fwp%2Fv2%2Fcomments&post=78"}],"version-history":[{"count":106,"href":"https:\/\/new.buerger-fuer-eching.de\/index.php?rest_route=\/wp\/v2\/pages\/78\/revisions"}],"predecessor-version":[{"id":1449,"href":"https:\/\/new.buerger-fuer-eching.de\/index.php?rest_route=\/wp\/v2\/pages\/78\/revisions\/1449"}],"up":[{"embeddable":true,"href":"https:\/\/new.buerger-fuer-eching.de\/index.php?rest_route=\/wp\/v2\/pages\/34"}],"wp:attachment":[{"href":"https:\/\/new.buerger-fuer-eching.de\/index.php?rest_route=%2Fwp%2Fv2%2Fmedia&parent=78"}],"curies":[{"name":"wp","href":"https:\/\/api.w.org\/{rel}","templated":true}]}}