{"id":660,"date":"2018-05-20T19:23:34","date_gmt":"2018-05-20T19:23:34","guid":{"rendered":"http:\/\/new.buerger-fuer-eching.de\/?page_id=660"},"modified":"2023-12-02T16:19:16","modified_gmt":"2023-12-02T15:19:16","slug":"datenschutzrichtlinie","status":"publish","type":"page","link":"https:\/\/new.buerger-fuer-eching.de\/?page_id=660","title":{"rendered":"Datenschutzrichtlinie"},"content":{"rendered":"<h1>Datenschutzrichtlinie<\/h1>\n<h3>Verein B\u00fcrger f\u00fcr Eching e. V.<\/h3>\n<p><a href=\"https:\/\/new.buerger-fuer-eching.de\/wp-content\/uploads\/2018\/05\/20180518_Datenschutzrichtlinie-1.pdf\">https:\/\/new.buerger-fuer-eching.de\/wp-content\/uploads\/2018\/05\/20180518_Datenschutzrichtlinie-1.pdf<\/a><\/p>\n<h4>Inhalt<\/h4>\n<p style=\"padding-left: 30px;\">1. GRUNDS\u00c4TZE<br \/>\n2. BESCHAFFUNG VON HARD- UND SOFTWARE<br \/>\n3. VERTRAULICHKEIT UND DOKUMENTATION<br \/>\n4. ALLGEMEINE DATENVERARBEITUNGSGRUNDS\u00c4TZE<br \/>\n5. VERARBEITUNG PERSONENBEZOGENER DATEN DER MITGLIEDER<br \/>\n6. WEITERGABE VON PERSONENBEZOGENEN DATEN<br \/>\n7. L\u00d6SCHUNG<br \/>\n8. SICHERHEIT DER VERARBEITUNG<br \/>\n9. EXTERNE DIENSTLEISTER<br \/>\n10. RECHTE BETROFFENER PERSONEN<br \/>\n11. KONTAKT<\/p>\n<h4>1. GRUNDS\u00c4TZE<\/h4>\n<p style=\"padding-left: 30px;\">Der Verein B\u00fcrger f\u00fcr Eching e. V. (nachfolgend auch &#8222;Verein&#8220;, &#8222;wir&#8220; und &#8222;uns&#8220;) verarbeitet<br \/>\npersonenbezogene Daten in \u00dcbereinstimmung mit den anwendbaren Rechtsvorschriften zum<br \/>\nSchutz personenbezogener Daten und zur Datensicherheit. Wir sind f\u00fcr die Verarbeitung der<br \/>\npersonenbezogenen Daten unserer Mitglieder datenschutzrechtlich verantwortlich. In dieser<br \/>\nDatenschutzrichtlinie beschreiben wir, welche Arten personenbezogener Daten wir verarbeiten,<br \/>\nan wen wir sie \u00fcbermitteln und welche Wahlm\u00f6glichkeiten und Rechte betroffene Personen im<br \/>\nZusammenhang mit unserer Verarbeitung der Daten haben. Au\u00dferdem beschreiben wir, mit<br \/>\nwelchen Ma\u00dfnahmen wir die Sicherheit der Daten gew\u00e4hrleisten und wie betroffene Personen<br \/>\nKontakt mit uns aufnehmen k\u00f6nnen, wenn sie Fragen zu unserer Datenschutzpraxis haben.<br \/>\nAlle mit der Datenverarbeitung befassten Personen sind zur Einhaltung der Richtlinie verpflichtet.<br \/>\nSie richtet sich an die Personen, die im Rahmen des Zweckes des Vereins:<br \/>\n\u2022 \u00fcber Umfang und Art der Verarbeitung personenbezogener Daten entscheiden,<br \/>\n\u2022 personenbezogene Daten verarbeiten.<\/p>\n<h4>2. BESCHAFFUNG VON HARD- UND SOFTWARE<\/h4>\n<p style=\"padding-left: 30px;\">2.1 Die Beschaffung von Hard- und Software erfolgt grunds\u00e4tzlich auf Anforderung des Vorstands.<br \/>\nBereits bei der Auswahl von Hard- und Software werden Datenschutz durch<br \/>\nTechnikgestaltung (Privacy by Design) und durch datenschutzfreundliche Voreinstellungen<br \/>\n(Privacy by Default) als tragende Prinzipien beachtet.<br \/>\n2.2 Die Ablage \/ Verarbeitung von personenbezogenen Daten erfolgt strikt getrennt in separaten<br \/>\nAblageverzeichnissen f\u00fcr den Verein. Der Zugriff auf die Systeme ist passwortgesch\u00fctzt.<\/p>\n<h4>3. VERTRAULICHKEIT UND DOKUMENTATION<\/h4>\n<p style=\"padding-left: 30px;\">3.1 Jede Person, die Zugang zu personenbezogenen Daten hat, ist auf die Einhaltung der<br \/>\ngesetzlichen Anforderungen an die Vertraulichkeit und Integrit\u00e4t personenbezogener Daten<br \/>\nschriftlich zu verpflichten.<br \/>\n3.2 Die Umsetzung datenschutzbezogener Ma\u00dfnahmen sowie dahinterstehende Abw\u00e4gungen<br \/>\nsind in angemessenem Umfang zu dokumentieren.<\/p>\n<h4>4 ALLGEMEINE DATENVERARBEITUNGSGRUNDS\u00c4TZE<\/h4>\n<p style=\"padding-left: 30px;\">4.1 Jede Person, die im Rahmen des Vereinszwecks personenbezogene Daten verarbeitet, ist in<br \/>\nseinem\/ihrem Verantwortungsbereich f\u00fcr die Umsetzung der Richtlinie verantwortlich. Die<br \/>\nEinhaltung muss von ihm\/ihr regelm\u00e4\u00dfig kontrolliert werden.<br \/>\n4.2 Die Verarbeitung personenbezogener Daten darf nur im Rahmen des rechtlich Zul\u00e4ssigen<br \/>\nerfolgen. Hierbei sind auch die besonderen Voraussetzungen f\u00fcr die Verarbeitung sensibler<br \/>\nDaten gem\u00e4\u00df Art. 9 Abs. 1 Datenschutz-Grundverordnung (&#8222;DSGVO&#8220;) zu beachten. Grunds\u00e4tzlich<br \/>\nd\u00fcrfen nur solche Informationen verarbeitet und genutzt werden, die f\u00fcr den<br \/>\nVereinszweck erforderlich sind und in unmittelbarem Zusammenhang mit dem<br \/>\nVerarbeitungs-zweck stehen.<br \/>\nDatenschutzrichtlinie<br \/>\nVerein B\u00fcrger f\u00fcr Eching e. V.<br \/>\n4.3 Die Einf\u00fchrung neuer Arten von Verarbeitungen erfordert die Festlegung der Verarbeitungszwecke.<br \/>\nDiese hat restriktiv zu erfolgen und ist zu dokumentieren.<br \/>\n4.4 Grunds\u00e4tzlich ist eine nachgelagerte Zweck\u00e4nderung nur dann zul\u00e4ssig, wenn die<br \/>\nVerarbeitung mit denjenigen Zwecken vereinbar ist, f\u00fcr die Daten urspr\u00fcnglich erhoben<br \/>\nwurden. Die im Rahmen der Zweck\u00e4nderung genutzten Abw\u00e4gungskriterien sind einzeln zu<br \/>\npr\u00fcfen. Eine Zweck\u00e4nderung ist auch dann zul\u00e4ssig, wenn eine Einwilligung der betroffenen<br \/>\nPerson durch den Verantwortlichen eingeholt wird.<br \/>\n4.5 Gleichzeitig hat der f\u00fcr die Verarbeitung Verantwortliche vor der Verarbeitung von Daten<br \/>\nfestzulegen, ob und in welcher Art und Weise den einschl\u00e4gigen Informationspflichten zu<br \/>\ngen\u00fcgen ist.<br \/>\n4.6 Falls andere Stellen (z.B. Beh\u00f6rden oder Gerichte) Informationen \u00fcber betroffene Personen<br \/>\nanfordern, d\u00fcrfen diese ohne deren Einwilligung nur herausgegeben werden, wenn hierf\u00fcr<br \/>\neine gesetzliche Verpflichtung oder ein die Weitergabe rechtfertigendes legitimes Interesse<br \/>\ndes Vereins besteht und die Identit\u00e4t des Anfragenden zweifelsfrei feststeht.<\/p>\n<h4>5. VERARBEITUNG PERSONENBEZOGENER DATEN DER MITGLIEDER<\/h4>\n<p style=\"padding-left: 30px;\">5.1 Die Erf\u00fcllung des satzungsm\u00e4\u00dfigen Vereinszwecks erfordert die Verarbeitung personenbezogener<br \/>\nDaten der Mitglieder des Vereins. Es handelt sich namentlich um folgende<br \/>\nVereinszwecke:<br \/>\n&#8211; Wirkung in der Kommunalpolitik unter Wahrung einer strengen parteipolitischen<br \/>\nNeutralit\u00e4t.<br \/>\n&#8211; Aufstellung von parteilosen Kandidaten zu Kommunalwahlen<br \/>\n&#8211; Planung, Sicherung, Erhaltung und F\u00f6rderung menschengerechter Lebensbedingungen in<br \/>\nder Gemeinde<br \/>\n&#8211; Information und Aufkl\u00e4rung \u00fcber wichtige kommunalpolitische Vorg\u00e4nge.<br \/>\n5.2 Der Verein verarbeitet folgende personenbezogene Daten seiner Mitglieder:<br \/>\n\u2022 Name,<br \/>\n\u2022 Vorname,<br \/>\n\u2022 Anschrift,<br \/>\n\u2022 Name der Vertretungsperson bei Firmenmitgliedschaften,<br \/>\n\u2022 Telefonnummer,<br \/>\n\u2022 E-Mail Adresse,<br \/>\n\u2022 Geburtsdatum,<br \/>\n\u2022 Bankverbindung,<br \/>\n\u2022 geleistete Zahlungen (z.B. Mitgliedsbeitr\u00e4ge, Spenden)<br \/>\n\u2022 sowie vereinsbezogene Daten (z.B. Datum des Eintritts und des Austritts, \u00c4nderungen der<br \/>\nMitgliedschaft).<br \/>\n5.3 Die unter Ziffer 5.2 genannten Daten werden mit Hilfe von Datenverarbeitungsanlagen zur<br \/>\nVerwaltung und Betreuung der Mitglieder, der Beitrags- \/ Spendenverwaltung sowie f\u00fcr<br \/>\nvereinsbezogene Aktionen und Veranstaltungen verarbeitet. Rechtsgrundlage f\u00fcr diese<br \/>\nVerarbeitung ist grunds\u00e4tzlich Art. 6 Abs. 1 lit. b DSGVO, da der Verein seine vertraglichen<br \/>\nPflichten gegen\u00fcber seinen Mitgliedern nur auf diese Art erf\u00fcllen kann.<br \/>\n5.4 Soweit die Verarbeitung jedoch nicht f\u00fcr die Erf\u00fcllung des Vertrages erforderlich ist, bestehen<br \/>\njedenfalls berechtigte Interessen des Vereins an der Verarbeitung, die im Sinne des Art. 6<br \/>\nStand: 19.05.2018 Seite 3<br \/>\nDatenschutzrichtlinie<br \/>\nVerein B\u00fcrger f\u00fcr Eching e. V.<br \/>\nAbs. 1 lit. f DSGVO gegen\u00fcber den Interessen, Rechten und Freiheiten der betroffenen Person<br \/>\n\u00fcberwiegen. Berechtigt in diesem Sinne ist das Interesse des Vereins, seine Mitglieder<br \/>\nmiteinander zu vernetzen und gegebenenfalls Informationen zu erstellen oder<br \/>\nVeranstaltungen zu bewerben.<\/p>\n<h4>6. WEITERGABE VON PERSONENBEZOGENEN DATEN<\/h4>\n<p style=\"padding-left: 30px;\">6.1 Grunds\u00e4tzlich werden keine Daten von Mitgliedern an Dritte weitergeleitet.<br \/>\n6.2 Eine Weiterleitung von Daten erfolgt nur anlassbezogen und nur mit ausdr\u00fccklicher, jederzeit<br \/>\nwiderruflicher Einwilligung der Mitglieder. Die Erkl\u00e4rung des Widerrufs kann \u00fcber die unter<br \/>\nZiffer 11 beschriebenen Kontaktwege erfolgen.<\/p>\n<h4>7. L\u00d6SCHUNG<\/h4>\n<p style=\"padding-left: 30px;\">7.1 Die Verarbeitung der personenbezogenen Daten erfolgt gem\u00e4\u00df datenschutzrechtlicher<br \/>\nVorgaben grunds\u00e4tzlich nur solange, wie f\u00fcr den damit zu erf\u00fcllenden Zweck erforderlich.<br \/>\nBei den Stammdaten der Mitglieder ist dies beispielsweise grunds\u00e4tzlich die Dauer der<br \/>\nVereinsmitgliedschaft.<br \/>\n7.2 Bestehen gesetzliche Aufbewahrungsfristen, die f\u00fcr den Verein verbindlich sind, so werden<br \/>\npersonenbezogene Daten f\u00fcr deren Dauer aufbewahrt. Eine l\u00e4ngere Aufbewahrung kann<br \/>\nauch f\u00fcr Zwecke der Rechtsverfolgung und -verteidigung erforderlich und zul\u00e4ssig sein.<br \/>\n7.3 Nach Ablauf der unter Ziffer 7.2 genannten Frist bzw. soweit nicht mehr f\u00fcr die Rechtsverfolgung<br \/>\nerforderlich, werden die entsprechenden Daten grunds\u00e4tzlich mit Zweckfortfall<br \/>\nentsprechend den gesetzlichen Vorschriften gesperrt oder gel\u00f6scht.<\/p>\n<h4>8. SICHERHEIT DER VERARBEITUNG<\/h4>\n<p style=\"padding-left: 30px;\">8.1 Hard- und Software, die der Verarbeitung personenbezogener Daten dient, ist f\u00fcr<br \/>\nVereinsaufgaben zu verwenden und entsprechend dem Stand der Technik gegen Verlust und<br \/>\nManipulation zu sichern.<br \/>\n8.2 Die Einhaltung datenschutz- und datensicherheitsrechtlicher Anforderungen im Sinne des Art.<br \/>\n32 DSGVO wird sichergestellt.<br \/>\n8.3 Zudem wird sichergestellt, dass die Daten vor unberechtigter Einsichtnahme und Ver\u00e4nderung,<br \/>\nsowie Besch\u00e4digung und Verlust gesichert sind.<br \/>\n8.4 Es wird sichergestellt, dass vor der Entsorgung oder Aussortierung nicht mehr ben\u00f6tigter ITKomponenten<br \/>\ns\u00e4mtliche Daten wirksam gel\u00f6scht wurden.<\/p>\n<h4>9. EXTERNE DIENSTLEISTER<\/h4>\n<p style=\"padding-left: 30px;\">Soweit der Verein externe Dienstleister mit der Verarbeitung personenbezogener Daten,<br \/>\neinzelner Verarbeitungsschritte (z.B. L\u00f6schung) oder einzelner T\u00e4tigkeiten (z.B. Wartung,<br \/>\nReparatur) beauftragt, die dadurch die M\u00f6glichkeit der Kenntnis personenbezogener Daten<br \/>\nbekommen, wird sichergestellt, dass erforderlichenfalls ein Vertrag geschlossen wird, der<br \/>\ninsbesondere den Anforderungen des Art. 28 DSGVO gen\u00fcgt.<br \/>\nDatenschutzrichtlinie<br \/>\nVerein B\u00fcrger f\u00fcr Eching e. V.<\/p>\n<h4>10.RECHTE BETROFFENER PERSONEN<\/h4>\n<p style=\"padding-left: 30px;\">10.1 Jeder betroffenen Person stehen gegen den Verein die in den Artikeln 15 bis 21 DSGVO<br \/>\ngenannten Rechte zu. Diese Rechte umfassen das:<br \/>\n&#8211; Auskunftsrecht, Art. 15 DSGVO<br \/>\n&#8211; Recht auf Berichtigung, Art. 16 DSGVO<br \/>\n&#8211; Recht auf L\u00f6schung (\u201eRecht auf Vergessenwerden\u201c), Art. 17DSGVO<br \/>\n&#8211; Recht auf Einschr\u00e4nkung der Verarbeitung, Art. 18 DSGVO<br \/>\n&#8211; Recht auf Daten\u00fcbertragbarkeit, Art. 20 DSGVO<br \/>\n&#8211; Widerspruchsrecht, Art. 21 und 22 DSGVO<br \/>\n10.2 Ihre Rechte kann die betroffene Person gegen\u00fcber dem Verein unter Nutzung der unter<br \/>\nZiffer 11 genannten Kontaktm\u00f6glichkeiten geltend machen. Auf diesem Weg kann die<br \/>\nbetroffene Person eine Einwilligung zudem jederzeit widerrufen.<br \/>\n10.3 Davon abgesehen steht jeder betroffenen Person ein Beschwerderecht bei der<br \/>\nAufsichtsbeh\u00f6rde gem. Art. 77 DSGVO zu.<\/p>\n<h4>11. KONTAKT<\/h4>\n<p style=\"padding-left: 30px;\">B\u00fcrger f\u00fcr Eching e.V.<br \/>\nManfred Wutz<br \/>\nBahnhofstr. 26<br \/>\n85386 Eching<br \/>\noder<br \/>\nemail: info@buerger-fuer-eching.de<br \/>\nStand 02.12.2023<\/p>\n","protected":false},"excerpt":{"rendered":"<p>Datenschutzrichtlinie Verein B\u00fcrger f\u00fcr Eching e. V. https:\/\/new.buerger-fuer-eching.de\/wp-content\/uploads\/2018\/05\/20180518_Datenschutzrichtlinie-1.pdf Inhalt 1. GRUNDS\u00c4TZE 2. BESCHAFFUNG VON HARD- UND SOFTWARE 3. VERTRAULICHKEIT UND DOKUMENTATION 4. ALLGEMEINE DATENVERARBEITUNGSGRUNDS\u00c4TZE 5. VERARBEITUNG PERSONENBEZOGENER DATEN DER MITGLIEDER 6. WEITERGABE VON PERSONENBEZOGENEN DATEN 7. L\u00d6SCHUNG 8. SICHERHEIT DER VERARBEITUNG 9. EXTERNE DIENSTLEISTER 10. RECHTE BETROFFENER PERSONEN 11. KONTAKT 1. GRUNDS\u00c4TZE Der Verein B\u00fcrger &hellip; <\/p>\n<p><a class=\"more-link btn\" href=\"https:\/\/new.buerger-fuer-eching.de\/?page_id=660\">Weiterlesen<\/a><\/p>\n","protected":false},"author":1,"featured_media":0,"parent":0,"menu_order":0,"comment_status":"closed","ping_status":"closed","template":"","meta":{"footnotes":""},"class_list":["post-660","page","type-page","status-publish","hentry","nodate","item-wrap"],"_links":{"self":[{"href":"https:\/\/new.buerger-fuer-eching.de\/index.php?rest_route=\/wp\/v2\/pages\/660","targetHints":{"allow":["GET"]}}],"collection":[{"href":"https:\/\/new.buerger-fuer-eching.de\/index.php?rest_route=\/wp\/v2\/pages"}],"about":[{"href":"https:\/\/new.buerger-fuer-eching.de\/index.php?rest_route=\/wp\/v2\/types\/page"}],"author":[{"embeddable":true,"href":"https:\/\/new.buerger-fuer-eching.de\/index.php?rest_route=\/wp\/v2\/users\/1"}],"replies":[{"embeddable":true,"href":"https:\/\/new.buerger-fuer-eching.de\/index.php?rest_route=%2Fwp%2Fv2%2Fcomments&post=660"}],"version-history":[{"count":5,"href":"https:\/\/new.buerger-fuer-eching.de\/index.php?rest_route=\/wp\/v2\/pages\/660\/revisions"}],"predecessor-version":[{"id":1044,"href":"https:\/\/new.buerger-fuer-eching.de\/index.php?rest_route=\/wp\/v2\/pages\/660\/revisions\/1044"}],"wp:attachment":[{"href":"https:\/\/new.buerger-fuer-eching.de\/index.php?rest_route=%2Fwp%2Fv2%2Fmedia&parent=660"}],"curies":[{"name":"wp","href":"https:\/\/api.w.org\/{rel}","templated":true}]}}