{"id":12,"date":"2015-02-11T18:12:29","date_gmt":"2015-02-11T18:12:29","guid":{"rendered":"http:\/\/new.buerger-fuer-eching.de\/?page_id=12"},"modified":"2015-10-07T09:42:58","modified_gmt":"2015-10-07T09:42:58","slug":"verein","status":"publish","type":"page","link":"https:\/\/new.buerger-fuer-eching.de\/?page_id=12","title":{"rendered":"Verein"},"content":{"rendered":"<h1><strong>B\u00fcrger f\u00fcr Eching \u2013 Eching stimmt.<\/strong><\/h1>\n<p>Unser Verein \u201eB\u00fcrger f\u00fcr Eching\u201c (BfE) hat sich gegr\u00fcndet in der Zeit des B\u00fcrgermeisterwahlkampfs 2010.<br \/>\nAuf der Suche nach einer so genannten \u201epolitischen Heimat\u201c haben wir uns durch keine der vorhandenen politischen Gruppierungen ausreichend vertreten gesehen. Das hat sich durch die aufkommende Diskussion um die Bebauung am Hollerner See weiter verst\u00e4rkt. Die von uns gew\u00e4hlten B\u00fcrgervertreter haben sich nicht den aufkommenden Bedenken und \u00c4ngsten der in Eching lebenden Menschen angenommen.<\/p>\n<p>Und weil dieses gesch\u00f6nt dargestellte Gro\u00dfbauprojekt und dessen Auswirkungen auf die Lebensqualit\u00e4t der hier lebenden Menschen alle angeht, haben sich rasch einige gefunden, um sich parteiunabh\u00e4ngig zu solidarisieren.Wir sind der Meinung, dass die Echinger zu wenige Informationen \u00fcber wichtige Themen erhalten und \u00fcber Vorhaben in nicht \u00f6ffentlichen Sitzungen gesprochen wird, die fr\u00fchzeitig in die \u00d6ffentlichkeit geh\u00f6ren. Dadurch erf\u00e4hrt der B\u00fcrger oft nicht, wie, wof\u00fcr oder wogegen sich seine B\u00fcrgervertreter f\u00fcr ihn einsetzen.<br \/>\nDas Motto unseres Vereins lautet: Eching stimmt.<\/p>\n<p>Eching stimmt ab<\/p>\n<div style=\"text-indent: 125px;\">stimmt mit<\/div>\n<div style=\"text-indent: 200px;\">stimmt daf\u00fcr<\/div>\n<div style=\"text-indent: 290px;\">stimmt dagegen<\/div>\n<div style=\"text-indent: 410px;\">ist verstimmt &#8230;<\/div>\n<p>Und wir hoffen, dass wir irgendwann mit Fug und Recht sagen k\u00f6nnen:<\/p>\n<h1 style=\"text-align: center;\">&#8222;Eching stimmt.&#8220;<\/h1>\n<p>&nbsp;<\/p>\n<p>Wir werden uns mit Ihnen zusammen daf\u00fcr einsetzen, dass es in Zukunft mehr um die Sache geht und nicht um die Partei \u2013 im Sinne der Echinger B\u00fcrger und einer Weiterentwicklung unserer Gemeinde.<\/p>\n","protected":false},"excerpt":{"rendered":"<p>B\u00fcrger f\u00fcr Eching \u2013 Eching stimmt. Unser Verein \u201eB\u00fcrger f\u00fcr Eching\u201c (BfE) hat sich gegr\u00fcndet in der Zeit des B\u00fcrgermeisterwahlkampfs 2010. Auf der Suche nach einer so genannten \u201epolitischen Heimat\u201c haben wir uns durch keine der vorhandenen politischen Gruppierungen ausreichend vertreten gesehen. Das hat sich durch die aufkommende Diskussion um die Bebauung am Hollerner See &hellip; <\/p>\n<p><a class=\"more-link btn\" href=\"https:\/\/new.buerger-fuer-eching.de\/?page_id=12\">Weiterlesen<\/a><\/p>\n","protected":false},"author":1,"featured_media":0,"parent":0,"menu_order":0,"comment_status":"closed","ping_status":"closed","template":"","meta":{"footnotes":""},"class_list":["post-12","page","type-page","status-publish","hentry","nodate","item-wrap"],"_links":{"self":[{"href":"https:\/\/new.buerger-fuer-eching.de\/index.php?rest_route=\/wp\/v2\/pages\/12","targetHints":{"allow":["GET"]}}],"collection":[{"href":"https:\/\/new.buerger-fuer-eching.de\/index.php?rest_route=\/wp\/v2\/pages"}],"about":[{"href":"https:\/\/new.buerger-fuer-eching.de\/index.php?rest_route=\/wp\/v2\/types\/page"}],"author":[{"embeddable":true,"href":"https:\/\/new.buerger-fuer-eching.de\/index.php?rest_route=\/wp\/v2\/users\/1"}],"replies":[{"embeddable":true,"href":"https:\/\/new.buerger-fuer-eching.de\/index.php?rest_route=%2Fwp%2Fv2%2Fcomments&post=12"}],"version-history":[{"count":8,"href":"https:\/\/new.buerger-fuer-eching.de\/index.php?rest_route=\/wp\/v2\/pages\/12\/revisions"}],"predecessor-version":[{"id":272,"href":"https:\/\/new.buerger-fuer-eching.de\/index.php?rest_route=\/wp\/v2\/pages\/12\/revisions\/272"}],"wp:attachment":[{"href":"https:\/\/new.buerger-fuer-eching.de\/index.php?rest_route=%2Fwp%2Fv2%2Fmedia&parent=12"}],"curies":[{"name":"wp","href":"https:\/\/api.w.org\/{rel}","templated":true}]}}